{"id":730,"date":"2018-07-26T10:40:07","date_gmt":"2018-07-26T13:40:07","guid":{"rendered":"https:\/\/emad-bue.infd.edu.ar\/sitio\/?page_id=730"},"modified":"2025-10-06T07:20:22","modified_gmt":"2025-10-06T10:20:22","slug":"ingresantes","status":"publish","type":"page","link":"https:\/\/emad-bue.infd.edu.ar\/sitio\/estudiantes\/ingresantes\/","title":{"rendered":"INSCRIPCI\u00d3N y MATRICULACI\u00d3N"},"content":{"rendered":"<h4>Requisitos de inscripci\u00f3n<\/h4>\n<ul>\n<li><b>Haber aprobado el nivel secundario en cualquiera de sus modalidades al momento del tr\u00e1mite de matriculaci\u00f3n.<\/b><\/li>\n<li><b>Cumplir con las condiciones establecidas en el Art\u00edculo 34\u00b0 de la Ley de Educaci\u00f3n Provincial N\u00b013.688.<\/b><\/li>\n<li><b>En el caso de las carreras de formaci\u00f3n docente no podr\u00e1 ingresar quien est\u00e9 contemplado en el art\u00edculo 95\u00b0 de la Ley de Educaci\u00f3n <\/b><b>N\u00b0 13688 de <\/b><b>la Provincia de Buenos Aires<\/b><\/li>\n<\/ul>\n<h5>DOCUMENTACI\u00d3N PARA INGRESAR A FORMACI\u00d3N B\u00c1SICA<\/h5>\n<ul>\n<li><strong>T\u00edtulo Secundario o certificado de estudios: original y copia<\/strong><\/li>\n<li><strong>DNI: original y copia<\/strong><\/li>\n<li><strong>Partida de nacimiento<\/strong><\/li>\n<li><strong>Certificado m\u00e9dico de aptitud psicof\u00edsica<\/strong><\/li>\n<li><strong>Dos fotos carnet<\/strong><\/li>\n<\/ul>\n<p><strong>NOTA<\/strong>: <strong>seg\u00fan la Resoluci\u00f3n 4196\/24, las y los estudiantes deber\u00e1n cumplimentar ex\u00e1menes m\u00e9dicos cl\u00ednicos, psicol\u00f3gicos<\/strong>, <strong>fonoaudiol\u00f3gicos y odontol\u00f3gicos, durante la trayectoria estudiantil como instrumento de promoci\u00f3n y acceso al derecho a la salud<\/strong> <strong>que en ning\u00fan caso ser\u00e1n requisito para la inscripci\u00f3n y\/o matriculaci\u00f3n. En aquellas carreras en las que se realizan actividades f\u00edsicas,<\/strong> <strong>como es el caso de la EMAD, se deber\u00e1n cumplimentar los estudios espec\u00edficos antes del inicio de las mismas.<\/strong><\/p>\n<p><strong>INSCRIPCI\u00d3N A FOBA 2025<\/strong><\/p>\n<p><strong>Pre inscripci\u00f3n online: del 17 al 28 de febrero<\/strong><\/p>\n<p><strong>Inscripci\u00f3n definitiva presencial: del 24 de febrero al 13 de marzo<\/strong><\/p>\n<p><strong>INSCRIPCI\u00d3N 2025 A LAS CARRERAS DE PROFESORADO DE TEATRO Y TECNICATURA EN ACTUACI\u00d3N TEATRAL<\/strong><\/p>\n<p><strong>La inscripci\u00f3n a las carreras es obligatoria para obtener el permiso de cursada<\/strong><\/p>\n<p><strong>Pre matriculaci\u00f3n online: del 10 al 14 de marzo<\/strong><\/p>\n<p><strong>Matriculaci\u00f3n definitiva presencial: del 17 al 21 de marzo<\/strong><\/p>\n\n\n<div class=\"wp-block-media-text alignwide is-stacked-on-mobile\"><figure class=\"wp-block-media-text__media\"><\/figure><div class=\"wp-block-media-text__content\">\n<p><\/p>\n<\/div><\/div>\n","protected":false},"excerpt":{"rendered":"<p>Requisitos de inscripci\u00f3n Haber aprobado el nivel secundario en cualquiera de sus modalidades al momento del tr\u00e1mite de matriculaci\u00f3n. Cumplir con las condiciones establecidas en el Art\u00edculo 34\u00b0 de la Ley de Educaci\u00f3n Provincial N\u00b013.688. En el caso de las carreras de formaci\u00f3n docente no podr\u00e1 ingresar quien est\u00e9 contemplado en el art\u00edculo 95\u00b0 de &#8230; <a title=\"INSCRIPCI\u00d3N y MATRICULACI\u00d3N\" class=\"read-more\" href=\"https:\/\/emad-bue.infd.edu.ar\/sitio\/estudiantes\/ingresantes\/\" aria-label=\"More on INSCRIPCI\u00d3N y MATRICULACI\u00d3N\">[+]<\/a><\/p>\n","protected":false},"author":6,"featured_media":0,"parent":692,"menu_order":0,"comment_status":"closed","ping_status":"closed","template":"","meta":[],"acf":[],"_links":{"self":[{"href":"https:\/\/emad-bue.infd.edu.ar\/sitio\/wp-json\/wp\/v2\/pages\/730"}],"collection":[{"href":"https:\/\/emad-bue.infd.edu.ar\/sitio\/wp-json\/wp\/v2\/pages"}],"about":[{"href":"https:\/\/emad-bue.infd.edu.ar\/sitio\/wp-json\/wp\/v2\/types\/page"}],"author":[{"embeddable":true,"href":"https:\/\/emad-bue.infd.edu.ar\/sitio\/wp-json\/wp\/v2\/users\/6"}],"replies":[{"embeddable":true,"href":"https:\/\/emad-bue.infd.edu.ar\/sitio\/wp-json\/wp\/v2\/comments?post=730"}],"version-history":[{"count":16,"href":"https:\/\/emad-bue.infd.edu.ar\/sitio\/wp-json\/wp\/v2\/pages\/730\/revisions"}],"predecessor-version":[{"id":2390,"href":"https:\/\/emad-bue.infd.edu.ar\/sitio\/wp-json\/wp\/v2\/pages\/730\/revisions\/2390"}],"up":[{"embeddable":true,"href":"https:\/\/emad-bue.infd.edu.ar\/sitio\/wp-json\/wp\/v2\/pages\/692"}],"wp:attachment":[{"href":"https:\/\/emad-bue.infd.edu.ar\/sitio\/wp-json\/wp\/v2\/media?parent=730"}],"curies":[{"name":"wp","href":"https:\/\/api.w.org\/{rel}","templated":true}]}}