{"id":2296,"date":"2025-03-25T14:24:09","date_gmt":"2025-03-25T17:24:09","guid":{"rendered":"https:\/\/emad-bue.infd.edu.ar\/sitio\/?page_id=2296"},"modified":"2025-03-26T19:29:49","modified_gmt":"2025-03-26T22:29:49","slug":"homenaje-permanente-a-la-memoria","status":"publish","type":"page","link":"https:\/\/emad-bue.infd.edu.ar\/sitio\/homenaje-permanente-a-la-memoria\/","title":{"rendered":"HOMENAJE PERMANENTE A LA MEMORIA"},"content":{"rendered":"\n<div class=\"wp-block-file\"><object class=\"wp-block-file__embed\" data=\"https:\/\/emad-bue.infd.edu.ar\/sitio\/wp-content\/uploads\/2025\/03\/Presentacion-Homenaje-a-la-Memoria-web-institucional.pdf\" type=\"application\/pdf\" style=\"width:100%;height:600px\" aria-label=\"Incrustado de Presentacion-Homenaje-a-la-Memoria-web-institucional.\"><\/object><a id=\"wp-block-file--media-4deb4fc1-8196-4d4b-afd4-45a2912df56b\" href=\"https:\/\/emad-bue.infd.edu.ar\/sitio\/wp-content\/uploads\/2025\/03\/Presentacion-Homenaje-a-la-Memoria-web-institucional.pdf\">Presentacion-Homenaje-a-la-Memoria-web-institucional<\/a><a href=\"https:\/\/emad-bue.infd.edu.ar\/sitio\/wp-content\/uploads\/2025\/03\/Presentacion-Homenaje-a-la-Memoria-web-institucional.pdf\" class=\"wp-block-file__button wp-element-button\" download aria-describedby=\"wp-block-file--media-4deb4fc1-8196-4d4b-afd4-45a2912df56b\">Descarga<\/a><\/div>\n\n\n\n<p><strong>Memoria, Verdad y Justicia<\/strong><\/p>\n\n\n\n<p><em><strong>Cada 24 de marzo, aniversario del \u00faltimo golpe de estado ocurrido en 1976, se busca<\/strong> <strong>generar y mantener memoria y conciencia colectiva para que los golpes de Estado y las violaciones de derechos humanos no se repitan \u00abnunca m\u00e1s\u00bb y sus autores sean enjuiciados y castigados<\/strong>.<\/em><\/p>\n\n\n\n<p><strong>Consecuencias del golpe de Estado&nbsp;<\/strong><\/p>\n\n\n\n<ul>\n<li><strong>Se instaur\u00f3 un r\u00e9gimen de terror, persecuci\u00f3n, secuestro y desaparici\u00f3n forzada de personas, tortura y asesinatos clandestinos masivos en \u00abcampos de concentraci\u00f3n\u00bb, secuestro y cambio de identidad de ni\u00f1os, apropiaci\u00f3n ilegal de propiedades pertenecientes a muchos de los ciudadanos secuestrados.<\/strong><\/li>\n\n\n\n<li><strong>Se disolvi\u00f3 el Congreso<\/strong>.<\/li>\n\n\n\n<li><strong>Se anul\u00f3 la libertad de expresi\u00f3n<\/strong><\/li>\n\n\n\n<li><strong>Se suspendi\u00f3 la vigencia de la Constituci\u00f3n Nacional<\/strong><\/li>\n\n\n\n<li><strong>Se proscribieron los partidos pol\u00edticos<\/strong><\/li>\n\n\n\n<li><strong>Se clausur\u00f3 toda actividad gremial<\/strong><\/li>\n\n\n\n<li>S<strong>e gener\u00f3 una fuerte censura que alcanz\u00f3 gran parte de las manifestaciones culturales<\/strong><\/li>\n\n\n\n<li><strong>Se cerraron carreras universitarias y se persigui\u00f3 toda manifestaci\u00f3n cr\u00edtica hacia el gobierno militar en el \u00e1mbito universitario<\/strong><\/li>\n\n\n\n<li>&nbsp;<strong>La pol\u00edtica educativa se caracteriz\u00f3 por&nbsp;la imposici\u00f3n de contenidos, la censura, la vigilancia y la militarizaci\u00f3n de las escuelas<\/strong>: <strong><em>Se impon\u00eda el material did\u00e1ctico y no se permit\u00eda hablar de ciertos temas en clase. Se vaciaron los contenidos curriculares. Se censuraban los materiales did\u00e1cticos, actividades y docentes que pudieran generar reflexi\u00f3n cr\u00edtica. Se impon\u00eda una \u00abense\u00f1anza personalizada\u00bb basada en una \u00abpedagog\u00eda de los valores\u00bb. Se vigilaba el cumplimiento de las medidas aprobadas. Se infiltraban \u201calumnos\u201d en las instituciones educativas, que eran agentes de inteligencia del r\u00e9gimen militar. Se llev\u00f3 a cabo la \u00abOperaci\u00f3n Claridad\u00bb, que consist\u00eda en espiar e investigar a funcionarios y personalidades vinculadas con la educaci\u00f3n y la cultura. Se prohibieron y reprimieron las actividades pol\u00edticas y gremiales de los estudiantes. Se redujo el presupuesto destinado a la educaci\u00f3n. Se impuls\u00f3 la privatizaci\u00f3n de la educaci\u00f3n p\u00fablica. Se transfirieron las escuelas primarias y preprimarias a las<\/em> provincias sin recursos.<\/strong><\/li>\n\n\n\n<li><strong>Se intervinieron las provincias y los municipios<\/strong><\/li>\n<\/ul>\n\n\n\n<p><strong>D\u00eda Nacional de la Memoria&nbsp;<\/strong><\/p>\n\n\n\n<ul>\n<li><strong>En 2002, se estableci\u00f3 el 24 de marzo como el D\u00eda Nacional de la Memoria por la Verdad y la Justicia<\/strong><\/li>\n\n\n\n<li><strong>Esta fecha conmemora a las v\u00edctimas de la dictadura militar<\/strong><\/li>\n\n\n\n<li><strong>El objetivo es reflexionar y analizar la historia reciente<\/strong><\/li>\n\n\n\n<li><strong>Se busca que los ni\u00f1os y j\u00f3venes comprendan las consecuencias de la dictadura<\/strong><\/li>\n\n\n\n<li><strong>Se promueve el compromiso con la defensa de los derechos y la democracia<\/strong><\/li>\n<\/ul>\n\n\n\n<p><\/p>\n\n\n\n<p><strong><u>NO FUE UNA GUERRA, FUE GENOCIDIO<\/u><\/strong><\/p>\n\n\n\n<p>Durante las primeras d\u00e9cadas de la segunda mitad del siglo, especialmente a partir de la revoluci\u00f3n cubana, hubo un fuerte proceso de radicalizaci\u00f3n pol\u00edtica en Am\u00e9rica Latina. En el seno del pueblo argentino estaba instalada una intensa pugna en torno al proyecto de pa\u00eds que se quer\u00eda construir. Amplios grupos sociales y pol\u00edticos promov\u00edan una transformaci\u00f3n radical por la v\u00eda revolucionaria, ya sea por medio de la lucha armada como por pr\u00e1cticas no violentas.<\/p>\n\n\n\n<p>Desde sectores pol\u00edticos de derecha argumentan que el accionar de las organizaciones armadas ha sido silenciado. La violencia pol\u00edtica que antecedi\u00f3 al golpe vuelve a se\u00f1alarse como responsable de la violencia ejercida desde el Estado.<\/p>\n\n\n\n<p>Las organizaciones revolucionarias armadas desplegaron actos de violencia que en un marco democr\u00e1tico debieron ser juzgadas con todas las garant\u00edas del Estado. Pero no fue lo que sucedi\u00f3. Seg\u00fan un informe elaborado y publicado por la Junta Militar en el diario La Naci\u00f3n el 8 de mayo de 1980, estos actos contabilizan 492 asesinatos entre 1969 y 1979 (s\u00f3lo el genocida ex director de investigaciones de la polic\u00eda Miguel Etchecolatz fue condenado por 711 cr\u00edmenes).<\/p>\n\n\n\n<p>Las v\u00edctimas de la dictadura no tuvieron juicio justo por lo tanto no son legalmente culpables de delito alguno: son inocentes. Considerarlos culpables o delincuentes ser\u00eda reconocerle legalidad a los procedimientos inhumanos e ilegales a los que la dictadura los someti\u00f3.<\/p>\n\n\n\n<p>Ante la imposibilidad de ocultar las graves violaciones a los derechos humanos, el&nbsp;<em>Documento Final de la Junta Militar sobre la Lucha contra la Subversi\u00f3n y el Terrorismo<\/em>&nbsp;y el&nbsp;<em>Acta Institucional,<\/em>&nbsp;publicado el 28 de abril de 1983, intent\u00f3 justificar sus cr\u00edmenes que durante muchos a\u00f1os hab\u00eda negado: \u201cLas acciones as\u00ed desarrolladas fueron la consecuencia de apreciaciones que debieron efectuarse en plena lucha, con la cuota de pasi\u00f3n que el combate y la defensa de la propia vida genera. En un ambiente te\u00f1ido diariamente de sangra inocente, de destrucci\u00f3n y ante una sociedad en la que el p\u00e1nico reinaba. En este marco, casi apocal\u00edptico, se cometieron errores que, como sucede en todo conflicto b\u00e9lico, pudieron traspasar, a veces, los l\u00edmites del respeto a los derechos humanos fundamentales y quedan sujetos al juicio de Dios en cada conciencia y a la compresi\u00f3n de los hombres\u201d.<\/p>\n\n\n\n<p>Los argumentos de hoy en torno a una supuesta guerra contra el terrorismo son los mismos que la dictadura enunci\u00f3 para ocultar los cr\u00edmenes de lesa humanidad que perpetr\u00f3 contra decena de miles de personas a las que secuestr\u00f3, priv\u00f3 ilegalmente de su libertad, tortur\u00f3, expuls\u00f3 al exilio e hizo desaparecer (<strong>Comisi\u00f3n Provincial de la Memoria<\/strong>)<\/p>\n\n\n\n<p><em>\u00abTodos los juzgados de instrucci\u00f3n, las c\u00e1maras federales que confirmaron lo que hicieron los juzgados de instrucci\u00f3n, las salas de la C\u00e1mara Federal de Casaci\u00f3n y Cortes, todos, que son decenas de decenas de juezas y jueces de punta a punta del pa\u00eds y durante 42 a\u00f1os, todos lo que han tenido en sus manos el recorrido que tuvieron las 323 sentencias (de causas de lesa humanidad) dijeron claramente: <strong><u>ac\u00e1 no hubo una guerra, ac\u00e1 hubo un plan de exterminio planificado por los militares y ejecutado por militares polic\u00edas y civiles<\/u><\/strong>\u00ab<\/em>  (Pablo Llonto, abogado especialista en Derechos Humanos)<\/p>\n\n\n\n<p><\/p>\n\n\n\n<p><strong>\u00bfQUE ES EL TERRORISMO DE ESTADO? \u00bfQUE IMPLICANCIAS TUVO EN LA ARGENTINA?<\/strong> (Transcripci\u00f3n del Texto elaborado por la Secretar\u00eda de Derechos Humanos, Ministerio de Justicia y Derechos Humanos, octubre de 2023: <strong>\u00abPreguntas y respuestas sobre la<br>dictadura c\u00edvico-militar y el terrorismo de Estado\u00bb<\/strong>)<\/p>\n\n\n\n<p><strong>\u00bfPor qu\u00e9 se dice que la de 1976 fue una dictadura c\u00edvico-militar?<\/strong><\/p>\n\n\n\n<p>El 24 de marzo de 1976 las Fuerzas Armadas derrocaron a la presidenta Mar\u00eda Isabel Mart\u00ednez de Per\u00f3n, interrumpiendo su mandato constitucional. Las tres fuerzas (Ej\u00e9rcito, Marina y Aeron\u00e1utica) conformaron una Junta Militar que ocup\u00f3 el Poder Ejecutivo, subordinando a todas las fuerzas armadas y de seguridad, y a los dem\u00e1s poderes del Estado, a su conducci\u00f3n. La Junta orden\u00f3 la disoluci\u00f3n de los poderes legislativos y la remoci\u00f3n de los miembros de las cortes supremas nacionales y provinciales; dispuso la proscripci\u00f3n de los partidos pol\u00edticos y sindicatos; y suspendi\u00f3 la vigencia de la Constituci\u00f3n Nacional. Se habla de dictadura \u201cc\u00edvico-militar\u201d, debido a que el gobierno de facto cont\u00f3 con la participaci\u00f3n, anuencia y complicidad de sectores de la sociedad civil (principalmente econ\u00f3micos, eclesi\u00e1sticos y medi\u00e1ticos) que favorecieron la aceptaci\u00f3n social con campa\u00f1as de desinformaci\u00f3n, le ofrecieron un marco de \u201cinstitucionalidad\u201d y\/o financiaron la empresa genocida para verse beneficiados con las medidas regresivas impuestas<\/p>\n\n\n\n<p><strong>\u00bfQu\u00e9 se entiende por terrorismo de Estado?<\/strong><\/p>\n\n\n\n<p>La \u00faltima dictadura se caracteriz\u00f3 por el ejercicio del terrorismo de Estado. Las Fuerzas Armadas impusieron un Plan Sistem\u00e1tico de desaparici\u00f3n, tortura y exterminio de un sector de la poblaci\u00f3n civil, cuya finalidad era generar terror en todo el cuerpo social para eliminar cualquier resistencia a sus pol\u00edticas y disciplinar a los ciudadanos. Su metodolog\u00eda de amedrentamiento social consist\u00eda en poner los recursos del Estado al servicio de cr\u00edmenes como el secuestro, la tortura, la desaparici\u00f3n y el asesinato de todos aquellos que se opon\u00edan a los modelos econ\u00f3micos liberales en todo el territorio nacional; y del ocultamiento y de la negaci\u00f3n de esos cr\u00edmenes. Durante esos a\u00f1os proliferaron los Centros Clandestinos de Detenci\u00f3n, Tortura y Exterminio, los secuestros en la v\u00eda p\u00fablica, los operativos espectaculares, las simulaciones de enfrentamientos, entre muchos otros m\u00e9todos que aterrorizaban a la poblaci\u00f3n, para desarticular los movimientos de organizaci\u00f3n social, sindical y pol\u00edtica.<\/p>\n\n\n\n<p>En los juicios de lesa humanidad seguidos contra los miembros de la \u00faltima dictadura, los jueces han adoptado y utilizado en forma reiterada el t\u00e9rmino \u201cterrorismo de Estado\u201d para poder brindar una definici\u00f3n jur\u00eddica y de contexto a lo realizado por la dictadura, y enmarcar all\u00ed los hechos que se est\u00e1n juzgado en cada uno de los debates orales y p\u00fablicos.<\/p>\n\n\n\n<p><strong>\u00bfPor qu\u00e9 el terrorismo fue solo desde el Estado?<\/strong><\/p>\n\n\n\n<p>La violencia ejercida por las organizaciones guerrilleras durante los a\u00f1os 70 no justifica ni puede equiparase a los cr\u00edmenes cometidos<br>por el Estado, como si se trataran de violencias contrapuestas. No es posible buscar una simetr\u00eda entre la acci\u00f3n de particulares y las pr\u00e1cticas ilegales y criminales cometidas por el Estado. No existieron dos bandos ni hubo ninguna guerra. Tampoco se trat\u00f3 de casos aislados o excesos por parte de las fuerzas represivas. Lo que existi\u00f3 fue un plan sistem\u00e1tico organizado y gestionado desde el Estado para desaparecer, torturar y asesinar a militantes pol\u00edticos en virtud de sus ideas y aspiraciones, seg\u00fan lo que ha sido ratificado por los jueces en las sentencias condenatorias por estos cr\u00edmenes.<\/p>\n\n\n\n<p><strong>\u00bfQu\u00e9 son los juicios por cr\u00edmenes de lesa humanidad? \u00bfPor qu\u00e9 se siguen juzgando cr\u00edmenes cometidos hace m\u00e1s de 40 a\u00f1os?<\/strong><\/p>\n\n\n\n<p>Los juicios de lesa humanidad son aquellos que se llevan a cabo desde el Juicio a las Juntas de 1985 en todos los tribunales federales del pa\u00eds contra los responsables de los cr\u00edmenes de la dictadura c\u00edvico-militar 1976-1983, quienes durante este tiempo y con el objeto de implantar un r\u00e9gimen econ\u00f3mico de exclusi\u00f3n para las mayor\u00edas, cometieron secuestros torturas, violaciones, robo de bienes, robo y apropiaci\u00f3n de bebes de las personas secuestradas, ejecuciones de personas y desaparici\u00f3n f\u00edsica de las mismas. Estos juicios son ejemplo en el mundo, ya que se llevan adelante con las leyes vigentes y respetando las garant\u00edas constitucionales e internacionales de los imputados, en tribunales federales comunes. Para dicho juzgamiento, no se constituyeron tribunales ni leyes especiales. Las v\u00edctimas de estos cr\u00edmenes de lesa humanidad tienen derecho a saber qu\u00e9 paso, y es un deber del Estado investigar, juzgar, sancionar y reparar lo sucedido. En este contexto, el derecho internacional ha formado s\u00f3lidos lineamientos sobre la delimitaci\u00f3n de los delitos de lesa humanidad y su imprescriptibilidad, como forma de asegurar que los Estados cumplan con su obligaci\u00f3n de investigar, juzgar,<br>sancionar y reparar dichos delitos sin importar el paso del tiempo. La imprescriptibilidad es el instituto jur\u00eddico por el cual la persecuci\u00f3n de los delitos no se extingue por el paso del tiempo, y solo se aplica cuando nos encontramos frente a los delitos m\u00e1s graves, que ofenden a la humanidad en su conjunto. Esa es una caracter\u00edstica que define a los cr\u00edmenes cometidos por el terrorismo de Estado, y por eso se los contin\u00faa juzgando.<\/p>\n\n\n\n<p><strong>\u00bfPor qu\u00e9 se juzgan tambi\u00e9n cr\u00edmenes cometidos por la Fuerzas Armadas, de Seguridad o con participaci\u00f3n del Estado antes del golpe de 1976?<\/strong><\/p>\n\n\n\n<p>Existen graves cr\u00edmenes y violaciones a los derechos humanos cometidas con anterioridad al golpe de 1976, durante la primera mitad de la d\u00e9cada del 70, que fueron perpetrados en el contexto de las dictaduras militares anteriores, o en democracia bajo el control operacional de las Fuerzas Armadas o por organizaciones paramilitares organizadas desde el mismo Estado, inclusive garantiz\u00e1ndoles recursos econ\u00f3micos, armamentos y lugares de funcionamiento en dependencias propias. Estos cr\u00edmenes est\u00e1n siendo investigados en diversas causas judiciales en las que fueron considerados por los jueces como de lesa humanidad.<\/p>\n\n\n\n<p><strong>\u00bfPor qu\u00e9 no se investigan y sancionan penalmente los delitos cometidos por organizaciones pol\u00edtico-militares?<\/strong><\/p>\n\n\n\n<p>Las acciones delictivas llevadas adelante por miembros de organizaciones como Montoneros y ERP no fueron juzgadas en su mayor\u00eda por decisi\u00f3n de la propia Junta Militar que, con la instauraci\u00f3n del terror por parte del Estado, asesin\u00f3 o hizo desaparecer clandestinamente a las personas detenidas como parte del plan sistem\u00e1tico que ya se encuentra probado. De acuerdo al C\u00f3digo Penal Argentino las acciones que podr\u00edan imputarse a estas personas actualmente se encuentran prescriptas (Ley N\u00b0 11.179, T\u00edtulo X, arts. 59 a 70). Legalmente no se trata de cr\u00edmenes de lesa humanidad ni cr\u00edmenes de guerra ni graves violaciones a los derechos humanos, como pueden ser las torturas, las ejecuciones extrajudiciales o las desapariciones forzadas cometidos por agentes estatales y, por lo tanto, esas acciones no pueden ser juzgadas en el presente. Esto ha sido ratificado en varias oportunidades por la justicia federal. Antecedentes: En sus primeros d\u00edas de gobierno, el presidente Ra\u00fal Alfons\u00edn sancion\u00f3 los decretos N\u00b0 157\/83 y 158\/83 declarando<br>la necesidad de promover acciones penales contra las llamadas c\u00fapulas de organizaciones armadas como Montoneros y ERP, as\u00ed como de someter a juicio sumario ante el Consejo Supremo de las Fuerzas Armadas a los integrantes de la Junta Militar que usurp\u00f3 el gobierno de la Naci\u00f3n el 24 de marzo de 1976 y a los integrantes de las dos juntas militares siguientes. El decreto N\u00b0 158\/83 fue el que dio lugar al proceso que conocemos como Juicio a las Juntas. Por su parte, en el marco del decreto N\u00b0 157\/83 se sustanciaron acciones penales por los delitos de homicidio, asociaci\u00f3n il\u00edcita, instigaci\u00f3n p\u00fablica a cometer delitos, apolog\u00eda del crimen y otros atentados contra el orden p\u00fablico, sin perjuicio de los dem\u00e1s delitos de los que resultaran autores inmediatos o mediatos, instigadores o c\u00f3mplices. <\/p>\n\n\n\n<p>En virtud de ambos decretos, los procesos de justicia se sustanciaron con las garant\u00edas procesales propias del Estado de derecho. Con posterioridad a estos procesos, que resultaron en sentencias judiciales de prisi\u00f3n efectiva, en octubre de 1989 y diciembre de 1990 el presidente Carlos Menem indult\u00f3 a m\u00e1s de 1200 personas (civiles y militares) que cometieron delitos y cr\u00edmenes durante la dictadura. Entre estas personas indultadas estaban los miembros de las Juntas condenados en el Juicio a las Juntas de 1985 (Decretos N\u00b0 1002\/89, 1005\/89, 2741\/90, 2746\/90) y algunos de los imputados como miembros de las organizaciones Montoneros y ERP (Decretos N\u00b0 1003\/89, 2742\/90).<\/p>\n\n\n\n<p><strong>\u00bfPor qu\u00e9 es importante investigar, juzgar, sancionar y reparar los cr\u00edmenes cometidos por la \u00faltima dictadura?<\/strong><\/p>\n\n\n\n<p>Nuestro pa\u00eds se presenta como un caso paradigm\u00e1tico en el mundo a la hora de juzgar a quienes cometieron delitos de lesa humanidad durante la \u00faltima dictadura militar. Las investigaciones con relaci\u00f3n a los hechos ocurridos en el pasado reciente no solo cobran vital importancia a la hora de esclarecer qu\u00e9 fue lo que sucedi\u00f3, sino que se vuelve central en la tarea de evitar la repetici\u00f3n de estos hechos, preservando y fortaleciendo la memoria hist\u00f3rica como sustento de nuestra democracia. De este mismo modo, la reparaci\u00f3n individual como colectiva por parte del Estado es una tarea indelegable del mismo, en tanto fue el principal actor que perpetr\u00f3 los delitos que busca reparar. Asimismo, la Argentina incorpor\u00f3 en 1994 a la Constituci\u00f3n Nacional tratados de derechos humanos, que disponen la obligaci\u00f3n por parte de los Estados de perseguir, investigar y sancionar adecuadamente a los responsables de cometer delitos que constituyen graves violaciones a los derechos humanos. En resumen, llevar adelante estas pol\u00edticas de Memoria, Verdad y Justicia es central a la hora de fortalecer y bregar por nuestra democracia, su futuro y el Nunca M\u00e1s.<\/p>\n\n\n\n<p><strong>\u00bfPor qu\u00e9 es leg\u00edtimo el proceso de juzgamiento que se reabri\u00f3 en 2003 durante la presidencia de N\u00e9stor Kirchner?<\/strong><\/p>\n\n\n\n<p>El actual proceso de juzgamiento est\u00e1 sustentado jur\u00eddicamente en nuestra Constituci\u00f3n Nacional, los tratados internacionales de<br>derechos humanos all\u00ed incorporados y el C\u00f3digo Penal de la Naci\u00f3n. Luego de largos a\u00f1os de impunidad, a partir de 2003 se logr\u00f3<br>cambiar el escenario pol\u00edtico y jur\u00eddico en materia de Memoria, Verdad y Justicia. Luego de la sanci\u00f3n en el Congreso de la nulidad<br>de las leyes de Obediencia Debida y Punto Final, se posibilit\u00f3 la reapertura los juicios. M\u00e1s tarde, en junio de 2005, la Corte Suprema de Justicia declar\u00f3 la invalidez e inconstitucionalidad de estas leyes de impunidad, habilitando de manera definitiva el avance de las causas judiciales por delitos de lesa humanidad. De esta manera, desde 2003 los tres poderes del Estado (Poder Ejecutivo, Legislativo y Judicial), con el acompa\u00f1amiento de la Procuraci\u00f3n General de la Naci\u00f3n, coordinaron pol\u00edticas p\u00fablicas destinadas a ampliar la investigaci\u00f3n, juzgamiento y reparaci\u00f3n de las violaciones a los derechos humanos cometidas durante la \u00faltima dictadura, dando continuidad y profundizando as\u00ed el proceso iniciado durante la d\u00e9cada del 80 con la CONADEP y el Juicio a las Juntas.<\/p>\n\n\n\n<p><strong>\u00bfPor qu\u00e9 se considera que \u00abMemoria, Verdad y Justicia\u201d es una pol\u00edtica de Estado en<\/strong> Argentina?<\/p>\n\n\n\n<p>Las pol\u00edticas de Memoria, Verdad y Justicia en nuestro pa\u00eds son una respuesta institucionalizada a las violaciones a los derechos humanos en toda su complejidad, a partir de la necesidad de enfrentar y reparar las heridas del pasado. Durante muchos a\u00f1os, fueron reclamadas por las organizaciones de derechos humanos. Esta respuesta institucionalizada se hace visible en un conjunto de pol\u00edticas p\u00fablicas implementadas que se encuentran cristalizadas en normativas institucionales, legales y jur\u00eddicas que buscan su sostenimiento en el tiempo m\u00e1s all\u00e1 de los diferentes gobiernos que accedan al Estado.<\/p>\n\n\n\n<p><strong>\u00bfCu\u00e1les fueron las consecuencias econ\u00f3micas y sociales de la dictadura?<\/strong><\/p>\n\n\n\n<p>Durante los primeros meses posteriores al golpe de Estado se llevaron adelante una serie de medidas de ajuste que implicaron el empobrecimiento de los trabajadores, situaci\u00f3n que s\u00f3lo fue posible debido a la proscripci\u00f3n y persecuci\u00f3n de los sindicatos. Se puso a la cabeza del Ministerio de Econom\u00eda a Jos\u00e9 Alfredo Mart\u00ednez de Hoz \u2013expresidente de la Sociedad Rural Argentina- que inici\u00f3 un plan de ajuste de los salarios y achicamiento del Estado, seguido de una fuerte devaluaci\u00f3n e hiperinflaci\u00f3n. La dictadura, en materia econ\u00f3mica, signific\u00f3 un cambio en la matriz productiva de la Argentina, ya que se abri\u00f3 indiscriminadamente la entrada de los mercados financieros internacionales, mientras se desproteg\u00eda a la industria nacional. La ca\u00edda de la industria implic\u00f3 la p\u00e9rdida de trabajo, la reducci\u00f3n del mercado interno y el crecimiento de la pobreza estructural. Las condiciones econ\u00f3micas fomentaban la llamada \u201cbicicleta financiera\u201d con la que se expoliaron fondos del Estado: un juego con el tipo de cambio interno y las tasas de inter\u00e9s permit\u00eda generar ganancias extraordinarias en poco tiempo, sin necesidad de producir o dejar riqueza en el pa\u00eds. Asimismo, se inici\u00f3 la escalada de endeudamiento externo, cuando en 1982 el Estado se hizo cargo de las deudas tomadas por las grandes empresas privadas argentinas en el extranjero. En 1974 la participaci\u00f3n del ingreso de los sectores asalariados en el PBI era del 45%, al final de la<br>dictadura se hab\u00eda reducido al 22%. La deuda externa pas\u00f3 de 7.900 a 46.500 millones de d\u00f3lares, y de representar el 34% del PBI al 72%. La pobreza pas\u00f3 del 3,2% de la poblaci\u00f3n al 28%, y el desempleo del 3,3% al 5,3%<\/p>\n\n\n\n<p><strong>\u00bfQu\u00e9 fue el plan sistem\u00e1tico de robo de beb\u00e9s?<\/strong><\/p>\n\n\n\n<p>En Argentina, durante la \u00faltima dictadura militar, en la ESMA, Campo de Mayo, Pozo de Banfield y otros centros ilegales de detenci\u00f3n funcionaron verdaderas maternidades clandestinas, incluso con listas de matrimonios en \u201cespera\u201d de un nacimiento, y unos 500 hijos de desaparecidos fueron apropiados como \u201cbot\u00edn de guerra\u201d por las fuerzas de represi\u00f3n ilegal. Algunos ni\u00f1os fueron entregados<br>directamente a familias de militares, otros abandonados en institutos de menores como NN, otros vendidos. En todos los casos les anularon su identidad y los privaron de vivir con sus leg\u00edtimas familias, de sus derechos y de su libertad. En 2011, en el marco de la reactivaci\u00f3n del proceso de justicia, se realiz\u00f3 un juicio emblem\u00e1tico en el que se demostr\u00f3 la existencia de una pr\u00e1ctica sistem\u00e1tica y generalizada de sustracci\u00f3n, retenci\u00f3n y ocultamiento de menores de edad en el marco de un plan general de aniquilaci\u00f3n sobre la poblaci\u00f3n civil, reconocimiento que estaba pendiente desde el Juicio a las Juntas. A la fecha, son 133 los nietos que recuperaron su identidad.<\/p>\n\n\n\n<p><strong>\u00bfSe puede definir como genocidio lo que sucedi\u00f3 en Argentina durante la dictadura?<\/strong><\/p>\n\n\n\n<p>En nuestro pa\u00eds existi\u00f3 un plan sistem\u00e1tico de desaparici\u00f3n de personas, asesinatos, torturas y apropiaci\u00f3n de bebes. Estas acciones estuvieron focalizadas en grupos determinados, por lo tanto, se encuentran enmarcadas en la definici\u00f3n jur\u00eddica de genocidio: \u201caniquilamiento sistem\u00e1tico de un grupo de poblaci\u00f3n como tal\u201d. Numerosos juristas, acad\u00e9micos y actores pol\u00edticos y sociales sostienen que en Argentina la dictadura militar llev\u00f3 adelante un genocidio. La primera condena judicial por \u201cdelitos de lesa humanidad cometidos en el marco de un genocidio\u201d tuvo lugar en el 2006 en la Ciudad de La Plata en el juicio contra el represor Miguel Etchecolatz, exdirector de Investigaciones de la Polic\u00eda de la Provincia de Buenos Aires.<\/p>\n\n\n\n<p><strong>\u00bfQu\u00e9 rol desempe\u00f1aron los organismos defensores de derechos humanos durante<\/strong> <strong>ese per\u00edodo?<\/strong><\/p>\n\n\n\n<p>Durante la \u00faltima dictadura militar, surgieron en Argentina organizaciones que nuclearon a las v\u00edctimas directas del terrorismo de Estado. As\u00ed fue como se originaron Madres de Plaza de Mayo, Abuelas de Plaza de Mayo y Familiares de Detenidos Desaparecidos por Razones Pol\u00edticas. Estos organismos se sumaron a los ya preexistentes como LPDH (Liga Argentina por los Derechos Humanos), MEDH (Movimiento Ecum\u00e9nico por Derechos Humanos) y otros que tambi\u00e9n surgir\u00edan en ese periodo como la APDH (Asamblea Permanente por los Derechos Humanos), el SERPAJ (Servicio de Paz y Justicia) y el CELS (Centro de Estudios Legales y Sociales). Todos ellos tuvieron un rol crucial en la denuncia, tanto dentro como fuera del pa\u00eds, de las violaciones a los derechos humanos que<br>estaban ocurriendo. La obtenci\u00f3n del premio Nobel de la Paz por parte de Adolfo P\u00e9rez Esquivel (presidente del SERPAJ) y el impacto que los organismos de v\u00edctimas directas tuvieron en el mundo fueron hitos centrales en la lucha por los derechos humanos. Si bien el rol principal de los organismos fue la denuncia de lo que estaba ocurriendo, tambi\u00e9n fue central la tarea de investigaci\u00f3n y recolecci\u00f3n de informaci\u00f3n sobre las violaciones a los derechos humanos que llevaron adelante. Mucho de ese material fue clave para que puedan ser juzgados quienes hab\u00edan cometido ese tipo de delitos. A mediados de los 90 se crea la Agrupaci\u00f3n H.I.J.O.S. que le da un nuevo impulso a la lucha contra la impunidad.<\/p>\n\n\n\n<p><strong>\u00bfQu\u00e9 derechos estuvieron limitados o vedados durante la dictadura c\u00edvico-militar<\/strong>?<\/p>\n\n\n\n<p>La Junta Militar (nombre que adopt\u00f3 el gobierno de facto) suspendi\u00f3 los mecanismos y procedimientos propios del sistema democr\u00e1tico y se posicion\u00f3 como el supuesto garante del orden, la paz y de las autoridades creadas por ella frente a supuestos peligros internos, declarando el Estado de sitio \u00aben la provincia o territorio en donde existiera la perturbaci\u00f3n del orden\u00bb, quedando suspendidas las garant\u00edas constitucionales. Fue as\u00ed que durante la dictadura muchos derechos estuvieron limitados en su ejercicio o directamente prohibidos. Desde un marco institucional, a partir del 24 de marzo de 1976, se consider\u00f3 objetivos militares a todos los lugares de trabajo y producci\u00f3n; se cerraron los poderes legislativos nacionales y provinciales; se suspendi\u00f3 la actividad de los partidos pol\u00edticos; se intervino los sindicatos y las confederaciones obreras y empresarias; se prohibi\u00f3 el derecho de huelga; se anularon las convenciones colectivas de trabajo; se instal\u00f3 la pena de muerte para delitos de orden p\u00fablico , y se impuso una f\u00e9rrea censura de<br>prensa y restricciones a la libertad de expresi\u00f3n, entre otras tantas medidas. Si centramos la mirada en los derechos de las personas, los derechos que fueron suspendidos y violados son fundamentalmente aquellos que conocemos como derechos civiles y pol\u00edticos. Tambi\u00e9n derechos econ\u00f3micos y sociales, como el acceso al trabajo y la vivienda sufrieron enormes restricciones a su cumplimiento por las pol\u00edticas econ\u00f3micas neoliberales instauradas por la dictadura.<\/p>\n\n\n\n<p><strong>\u00bfPor qu\u00e9 son 30 mil?<\/strong><\/p>\n\n\n\n<p>El n\u00famero total de detenidos-desaparecidos y de v\u00edctimas del terrorismo de Estado no se conoce por el car\u00e1cter ilegal y clandestino que tuvo el accionar del Estado y en especial de las fuerzas armadas y de seguridad en ese per\u00edodo. La cifra 30.000 comenz\u00f3 a ser usada durante la \u00faltima dictadura militar como una estimaci\u00f3n de las denuncias que se estaban recibiendo en el pa\u00eds y en los \u00e1mbitos internacionales. Ese n\u00famero no s\u00f3lo implica una estimaci\u00f3n, sino que es el s\u00edmbolo de la lucha del pa\u00eds por los derechos humanos en busca de la no repetici\u00f3n de lo sucedido y de la continua b\u00fasqueda de Memoria, Verdad y Justicia. El n\u00famero de desaparecidos y asesinados est\u00e1 en construcci\u00f3n y crece permanentemente, al d\u00eda de hoy se siguen recibiendo denuncias de personas que por distintos motivos nunca las hab\u00edan realizado antes. El car\u00e1cter indeterminado del registro de las v\u00edctimas es intr\u00ednseco a todo proceso genocida. Hasta hoy, a pesar de los numerosos juicios y de las pol\u00edticas de derechos humanos, existe un pacto de impunidad entre los responsables de los cr\u00edmenes, por el cual nunca han revelado ni cu\u00e1ntos ni qui\u00e9nes fueron las v\u00edctimas, ni cu\u00e1l fue su destino final. Por lo cual las investigaciones contin\u00faan.<\/p>\n\n\n\n<p><strong>\u00bfQu\u00e9 son los derechos humanos?<\/strong><\/p>\n\n\n\n<p>Los derechos humanos abarcan una amplia gama de derechos y libertades, como el derecho a la vida, la libertad de expresi\u00f3n, la igualdad ante la ley, la libertad de pensamiento, la libertad de religi\u00f3n, el derecho a la educaci\u00f3n, entre otros. Estos derechos fundamentales se consideran universales, inalienables e interdependientes, lo que significa que todas las personas los tienen por el solo hecho de ser personas. Fueron escritos inicialmente en la Declaraci\u00f3n Universal de los Derechos Humanos, redactada en 1948, para prevenir que volvieran a cometerse terribles cr\u00edmenes como los que sucedieron antes y durante la Segunda Guerra Mundial.<\/p>\n\n\n\n<p><strong>\u00bfPor qu\u00e9 es importante defender los derechos humanos?<\/strong><\/p>\n\n\n\n<p>Este a\u00f1o celebramos 40 a\u00f1os de la recuperaci\u00f3n democr\u00e1tica y el fin de la dictadura c\u00edvico-militar, que desde 1976 hasta 1983<br>gobern\u00f3 el pa\u00eds imponiendo un r\u00e9gimen de terror que suprimi\u00f3 y viol\u00f3 sistem\u00e1ticamente los derechos humanos, torturando y<br>desapareciendo a miles de personas. La importancia de los derechos humanos se volvi\u00f3 m\u00e1s evidente que nunca durante ese per\u00edodo. Tanto que fueron incorporados en la nueva Constituci\u00f3n de 1994. Los derechos humanos son los cimientos de una sociedad libre y<br>justa. En una democracia, tenemos la oportunidad de cuidar estos derechos que garantizan la igualdad, la justicia y la dignidad para<br>todas las personas, y son esenciales para construir sociedades justas y equitativas. No hay democracia sin derechos humanos.<\/p>\n\n\n\n<p><strong>LEYES INTERNACIONALES y NACIONALES SOBRE DERECHOS HUMANOS<\/strong> &#8211;<strong> ORGANISMOS VINCULADOS CON LA DEFENSA DE LOS DERECHOS HUMANOS<\/strong><\/p>\n\n\n\n<p><a href=\"https:\/\/www.un.org\/es\/about-us\/universal-declaration-of-human-rights\">La Declaraci\u00f3n Universal de los Derechos Humanos | Naciones Unidas<\/a><\/p>\n\n\n\n<p><a href=\"https:\/\/www.argentina.gob.ar\/normativa\/constituciones\/nacional\">Constituci\u00f3n nacional | Argentina.gob.ar<\/a><\/p>\n\n\n\n<p><a href=\"https:\/\/www.argentina.gob.ar\/derechoshumanos\/normativa#1\">Normativa sobre derechos humanos | Argentina.gob.ar<\/a><\/p>\n\n\n\n<p><a href=\"https:\/\/jurisprudencia.corteidh.or.cr\/\">Corte IDH<\/a><\/p>\n\n\n\n<p><a href=\"https:\/\/www.cels.org.ar\/web\/category\/memoriaverdadyjusticia\/?gad_source=1&amp;gclid=Cj0KCQjwy46_BhDOARIsAIvmcwOFJic9ooI0OX3aXhBkn-8KeoJL-0jlmladB5-OfSygLyba1eLhm5MaAkvxEALw_wcB\">Memoria, verdad y justicia \u2013 CELS<\/a><\/p>\n\n\n\n<p><a href=\"https:\/\/www.comisionporlamemoria.org\/\">CPM | Comisi\u00f3n Provincial por la Memoria<\/a><\/p>\n\n\n\n<p><strong>BIBLIOTECA<\/strong> <strong>&#8211; VIDEOTECA<\/strong><\/p>\n\n\n\n<p><a href=\"https:\/\/www.youtube.com\/watch?v=yhkaU7e__1M&amp;ab_channel=PabloBorda\">(85) HISTORIADOR RESPONDE A AGUSTIN LAJE &#8211; EL 24 DE MARZO, LA DICTADURA Y EL DISCURSO DE JAVIER MILEI &#8211; YouTube<\/a><\/p>\n\n\n\n<p><a href=\"https:\/\/www.comisionporlamemoria.org\/wp-content\/plugins\/pdfjs-viewer-shortcode\/pdfjs\/web\/viewer.php?file=https:\/\/www.comisionporlamemoria.org\/archivos\/materiales\/Nunca-Mas.pdf&amp;attachment_id=0&amp;dButton=true&amp;pButton=true&amp;oButton=false&amp;sButton=true&amp;pagemode=none&amp;_wpnonce=2860df8d99\">Nunca Mas &#8211; Nunca-Mas.pdf<\/a><\/p>\n\n\n\n<p><a href=\"https:\/\/www.primevideo.com\/-\/es\/detail\/Argentina-1985\/0U3X7URM9HIE7L8OYI27ZS77YN\">Prime Video: Argentina, 1985<\/a><\/p>\n\n\n\n<p><a href=\"https:\/\/www.youtube.com\/watch?v=VPhgeDCRt6A&amp;t=33s&amp;ab_channel=SolangeValdes\">La Historia Oficial &#8211; 1985 (pel\u00edcula completa)<\/a><\/p>\n\n\n\n<p><a href=\"https:\/\/www.youtube.com\/watch?v=CyLVff18Q9c&amp;ab_channel=CanalEncuentro\">Madres de Plaza de Mayo. La historia: Las locas de la plaza (1977) &#8211; Canal Encuentro<\/a><\/p>\n\n\n\n<p><a href=\"https:\/\/www.youtube.com\/watch?v=GtY6JScclhM&amp;ab_channel=UnahistoriadeMadres\">Una historia de Madres (documental)<\/a><\/p>\n\n\n\n<p><a href=\"https:\/\/www.youtube.com\/watch?v=XYdu-zF6XEE&amp;ab_channel=AFPEspa%C3%B1ol\">Multitudinaria marcha en Argentina a 49 a\u00f1os del golpe de Estado | AFP<\/a><\/p>\n","protected":false},"excerpt":{"rendered":"<p>Memoria, Verdad y Justicia Cada 24 de marzo, aniversario del \u00faltimo golpe de estado ocurrido en 1976, se busca generar y mantener memoria y conciencia colectiva para que los golpes de Estado y las violaciones de derechos humanos no se repitan \u00abnunca m\u00e1s\u00bb y sus autores sean enjuiciados y castigados. Consecuencias del golpe de Estado&nbsp; &#8230; <a title=\"HOMENAJE PERMANENTE A LA MEMORIA\" class=\"read-more\" href=\"https:\/\/emad-bue.infd.edu.ar\/sitio\/homenaje-permanente-a-la-memoria\/\" aria-label=\"More on HOMENAJE PERMANENTE A LA MEMORIA\">[+]<\/a><\/p>\n","protected":false},"author":25,"featured_media":0,"parent":0,"menu_order":0,"comment_status":"closed","ping_status":"closed","template":"","meta":[],"acf":[],"_links":{"self":[{"href":"https:\/\/emad-bue.infd.edu.ar\/sitio\/wp-json\/wp\/v2\/pages\/2296"}],"collection":[{"href":"https:\/\/emad-bue.infd.edu.ar\/sitio\/wp-json\/wp\/v2\/pages"}],"about":[{"href":"https:\/\/emad-bue.infd.edu.ar\/sitio\/wp-json\/wp\/v2\/types\/page"}],"author":[{"embeddable":true,"href":"https:\/\/emad-bue.infd.edu.ar\/sitio\/wp-json\/wp\/v2\/users\/25"}],"replies":[{"embeddable":true,"href":"https:\/\/emad-bue.infd.edu.ar\/sitio\/wp-json\/wp\/v2\/comments?post=2296"}],"version-history":[{"count":31,"href":"https:\/\/emad-bue.infd.edu.ar\/sitio\/wp-json\/wp\/v2\/pages\/2296\/revisions"}],"predecessor-version":[{"id":2362,"href":"https:\/\/emad-bue.infd.edu.ar\/sitio\/wp-json\/wp\/v2\/pages\/2296\/revisions\/2362"}],"wp:attachment":[{"href":"https:\/\/emad-bue.infd.edu.ar\/sitio\/wp-json\/wp\/v2\/media?parent=2296"}],"curies":[{"name":"wp","href":"https:\/\/api.w.org\/{rel}","templated":true}]}}